{"id":3622,"date":"2024-03-14T12:04:54","date_gmt":"2024-03-14T12:04:54","guid":{"rendered":"https:\/\/culturaltourism.gr\/?page_id=3622"},"modified":"2024-04-09T13:48:00","modified_gmt":"2024-04-09T13:48:00","slug":"routes","status":"publish","type":"page","link":"https:\/\/culturaltourism.gr\/fr\/intangible-cultural-heritage\/routes\/","title":{"rendered":"Itin\u00e9raires"},"content":{"rendered":"<div data-elementor-type=\"wp-page\" data-elementor-id=\"3622\" class=\"elementor elementor-3622\" data-elementor-post-type=\"page\">\n\t\t\t\t<div data-dce-background-image-url=\"https:\/\/culturaltourism.gr\/wp-content\/uploads\/2023\/03\/hero_small-scaled.jpg\" class=\"elementor-element elementor-element-172dcdc e-flex e-con-boxed e-con e-parent\" data-id=\"172dcdc\" data-element_type=\"container\" data-settings=\"{&quot;background_background&quot;:&quot;classic&quot;}\">\n\t\t\t\t\t<div class=\"e-con-inner\">\n\t\t\t\t<div class=\"elementor-element elementor-element-87647dc elementor-widget elementor-widget-heading\" data-id=\"87647dc\" data-element_type=\"widget\" data-widget_type=\"heading.default\">\n\t\t\t\t<div class=\"elementor-widget-container\">\n\t\t\t<style>\/*! elementor - v3.22.0 - 26-06-2024 *\/\n.elementor-heading-title{padding:0;margin:0;line-height:1}.elementor-widget-heading .elementor-heading-title[class*=elementor-size-]>a{color:inherit;font-size:inherit;line-height:inherit}.elementor-widget-heading .elementor-heading-title.elementor-size-small{font-size:15px}.elementor-widget-heading .elementor-heading-title.elementor-size-medium{font-size:19px}.elementor-widget-heading .elementor-heading-title.elementor-size-large{font-size:29px}.elementor-widget-heading .elementor-heading-title.elementor-size-xl{font-size:39px}.elementor-widget-heading .elementor-heading-title.elementor-size-xxl{font-size:59px}<\/style><h2 class=\"elementor-heading-title elementor-size-default\">Itin\u00e9raires<\/h2>\t\t<\/div>\n\t\t\t\t<\/div>\n\t\t\t\t\t<\/div>\n\t\t\t\t<\/div>\n\t\t<div data-dce-background-overlay-image-url=\"https:\/\/culturaltourism.gr\/wp-content\/uploads\/2023\/03\/Layer0-2.svg\" class=\"elementor-element elementor-element-ea640c2 e-flex e-con-boxed e-con e-parent\" data-id=\"ea640c2\" data-element_type=\"container\">\n\t\t\t\t\t<div class=\"e-con-inner\">\n\t\t\t\t<div class=\"elementor-element elementor-element-ca95a7d elementor-widget elementor-widget-text-editor\" data-id=\"ca95a7d\" data-element_type=\"widget\" data-widget_type=\"text-editor.default\">\n\t\t\t\t<div class=\"elementor-widget-container\">\n\t\t\t<style>\/*! elementor - v3.22.0 - 26-06-2024 *\/\n.elementor-widget-text-editor.elementor-drop-cap-view-stacked .elementor-drop-cap{background-color:#69727d;color:#fff}.elementor-widget-text-editor.elementor-drop-cap-view-framed .elementor-drop-cap{color:#69727d;border:3px solid;background-color:transparent}.elementor-widget-text-editor:not(.elementor-drop-cap-view-default) .elementor-drop-cap{margin-top:8px}.elementor-widget-text-editor:not(.elementor-drop-cap-view-default) .elementor-drop-cap-letter{width:1em;height:1em}.elementor-widget-text-editor .elementor-drop-cap{float:left;text-align:center;line-height:1;font-size:50px}.elementor-widget-text-editor .elementor-drop-cap-letter{display:inline-block}<\/style>\t\t\t\t<p>S&#039;engager aupr\u00e8s des communaut\u00e9s locales\u00a0: red\u00e9couvrir les itin\u00e9raires culturels \u00e0 travers le d\u00e9veloppement participatif et r\u00e9utiliser les zones abandonn\u00e9es<\/p>\t\t\t\t\t\t<\/div>\n\t\t\t\t<\/div>\n\t\t\t\t\t<\/div>\n\t\t\t\t<\/div>\n\t\t<div class=\"elementor-element elementor-element-38a3cd1 e-flex e-con-boxed e-con e-parent\" data-id=\"38a3cd1\" data-element_type=\"container\">\n\t\t\t\t\t<div class=\"e-con-inner\">\n\t\t\t\t<div class=\"elementor-element elementor-element-a078dc6 elementor-widget__width-initial elementor-widget-mobile__width-inherit elementor-widget elementor-widget-html\" data-id=\"a078dc6\" data-element_type=\"widget\" data-widget_type=\"html.default\">\n\t\t\t\t<div class=\"elementor-widget-container\">\n\t\t\t<iframe frameborder=\"0\" scrolling=\"no\" src=\"https:\/\/www.wikiloc.com\/wikiloc\/embedv2.do?id=140975712&elevation=off&images=off&maptype=H\" width=\"600\" height=\"800\"><\/iframe><div style=\"color:#777;font-size:11px;line-height:16px;\">Aliment\u00e9 par&nbsp;<a style=\"color:#4C8C2B;font-size:11px;line-height:16px;\" target=\"_blank\" href=\"https:\/\/www.wikiloc.com\">Wikiloc<\/a><\/div>\t\t<\/div>\n\t\t\t\t<\/div>\n\t\t<div class=\"elementor-element elementor-element-9ba5d2f e-con-full e-flex e-con e-child\" data-id=\"9ba5d2f\" data-element_type=\"container\">\n\t\t\t\t<div class=\"elementor-element elementor-element-fb42097 elementor-widget elementor-widget-text-editor\" data-id=\"fb42097\" data-element_type=\"widget\" data-widget_type=\"text-editor.default\">\n\t\t\t\t<div class=\"elementor-widget-container\">\n\t\t\t\t\t\t\t<p><span style=\"color: var( --e-global-color-text ); font-family: var( --e-global-typography-text-font-family ), Sans-serif; font-weight: var( --e-global-typography-text-font-weight ); text-align: var(--text-align); background-color: var( --e-global-color-secondary ); font-size: 1rem;\">Dans le but de faire revivre et de mettre en valeur les anciens sentiers, nous avons cartographi\u00e9 l&#039;une des principales routes pastorales cr\u00e9\u00e9es par les Valaques au fil des si\u00e8cles, reliant la vall\u00e9e d&#039;Aoos\/Vjosa \u00e0 travers les p\u00e2turages de montagne de Grammos, afin de promouvoir le tourisme de randonn\u00e9e et de trekking transfrontalier des deux c\u00f4t\u00e9s de l&#039;\u00eele. les fronti\u00e8res.\u00a0<\/span><\/p><p>Culture de la transhumance et les Valaques : La caract\u00e9ristique fondamentale des Valaques est la vie semi-nomade qui dicte un mode de vie particulier et identifie les caract\u00e9ristiques de leur soci\u00e9t\u00e9 et de leur \u00e9conomie. Il s&#039;agit d&#039;un mode de vie indiqu\u00e9 par les conditions \u00e9cologiques elles-m\u00eames qui ont scell\u00e9 la vie collective de ces personnes. Jusqu&#039;au d\u00e9but du XXe si\u00e8cle, seuls les Valaques d&#039;Aetomilitsa poss\u00e9daient environ 40 000 moutons et ch\u00e8vres, \u00e0 partir desquels ils produisaient du lait et des produits en laine. Il y a six villages valaques \u00e0 Konitsa et jusqu&#039;\u00e0 aujourd&#039;hui, il y a des gens qui parlent la langue valaque, qui est uniquement orale et se situe entre le latin, le roumain et le grec. Il y a des Valaques des deux c\u00f4t\u00e9s des fronti\u00e8res en Gr\u00e8ce et en Albanie, mais pour eux il n&#039;y a pas de fronti\u00e8re, ils utilisent les m\u00eames routes pour faire pa\u00eetre leurs moutons avant m\u00eame que les fronti\u00e8res n&#039;existent. Un autre \u00e9l\u00e9ment int\u00e9ressant \u00e0 leur sujet est que dans certains villages, ils n&#039;ont jamais d\u00e9velopp\u00e9 la propri\u00e9t\u00e9 fonci\u00e8re individuelle ; la terre \u00e9tait et est commune. De plus, ils d\u00e9velopp\u00e8rent un syst\u00e8me de distribution et d&#039;utilisation des p\u00e2turages. La redistribution annuelle de l&#039;usage des p\u00e2turages se fait par un \u00ab rassemblement \u00bb g\u00e9n\u00e9ral des \u00e9leveurs, selon des r\u00e8gles non \u00e9crites et de mani\u00e8re c\u00e9r\u00e9moniale. La d\u00e9cision finale est prise \u00e0 l&#039;unanimit\u00e9 et est respect\u00e9e par tous.<\/p><p>\u00a0<\/p>\t\t\t\t\t\t<\/div>\n\t\t\t\t<\/div>\n\t\t\t\t<\/div>\n\t\t\t\t\t<\/div>\n\t\t\t\t<\/div>\n\t\t<div class=\"elementor-element elementor-element-2192217 e-flex e-con-boxed e-con e-parent\" data-id=\"2192217\" data-element_type=\"container\">\n\t\t\t\t\t<div class=\"e-con-inner\">\n\t\t\t\t<div class=\"elementor-element elementor-element-06e0922 elementor-widget__width-initial elementor-widget-mobile__width-inherit elementor-widget elementor-widget-html\" data-id=\"06e0922\" data-element_type=\"widget\" data-widget_type=\"html.default\">\n\t\t\t\t<div class=\"elementor-widget-container\">\n\t\t\t<iframe frameborder=\"0\" scrolling=\"no\" src=\"https:\/\/www.wikiloc.com\/wikiloc\/embedv2.do?id=116151825&elevation=off&images=off&maptype=H\" width=\"600\" height=\"800\"><\/iframe><div style=\"color:#777;font-size:11px;line-height:16px;\">Aliment\u00e9 par&nbsp;<a style=\"color:#4C8C2B;font-size:11px;line-height:16px;\" target=\"_blank\" href=\"https:\/\/www.wikiloc.com\">Wikiloc<\/a><\/div>\t\t<\/div>\n\t\t\t\t<\/div>\n\t\t<div class=\"elementor-element elementor-element-5bba594 e-con-full e-flex e-con e-child\" data-id=\"5bba594\" data-element_type=\"container\">\n\t\t\t\t<div class=\"elementor-element elementor-element-4169cd2 elementor-widget elementor-widget-text-editor\" data-id=\"4169cd2\" data-element_type=\"widget\" data-widget_type=\"text-editor.default\">\n\t\t\t\t<div class=\"elementor-widget-container\">\n\t\t\t\t\t\t\t<p dir=\"ltr\" style=\"line-height: 1.38; margin-top: 12pt; margin-bottom: 12pt;\"><span style=\"font-size: 11pt; font-family: Roboto,sans-serif; color: #000000; background-color: transparent; font-weight: 400; font-style: normal; font-variant: normal; text-decoration: none; vertical-align: baseline; white-space: pre-wrap;\">Suite \u00e0 une demande de la communaut\u00e9 du village de Kallithea, nous avons proc\u00e9d\u00e9 \u00e0 l&#039;ouverture et au trac\u00e9 du chemin qui relie le village \u00e0 la sainte \u00e9glise de Saint Constantin, une basilique vo\u00fbt\u00e9e \u00e0 trois nefs qui constitue un monument historique du patrimoine culturel r\u00e9cent de la r\u00e9gion. et remonte \u00e0 1820. Le chemin fait partie du sentier qui reliait Papigo \u00e0 Konitsa, qui est ferm\u00e9 depuis des ann\u00e9es.<\/span><\/p><p dir=\"ltr\" style=\"line-height: 1.38; margin-top: 12pt; margin-bottom: 12pt;\"><span style=\"font-size: 11pt; font-family: Roboto,sans-serif; color: #000000; background-color: transparent; font-weight: 400; font-style: normal; font-variant: normal; text-decoration: none; vertical-align: baseline; white-space: pre-wrap;\">Le projet a \u00e9t\u00e9 r\u00e9alis\u00e9 par des habitants du village et des b\u00e9n\u00e9voles venus de 5 r\u00e9gions diff\u00e9rentes du monde pour soutenir le projet. Cet effort a \u00e9t\u00e9 soutenu par l&#039;entreprise coop\u00e9rative sociale \u00ab Les Hautes Montagnes \u00bb, l&#039;Association culturelle de Kallithea \u00ab Goritsa \u00bb et la municipalit\u00e9 de Konitsa.\u00a0<\/span><\/p><p>\u00a0<\/p><p dir=\"ltr\" style=\"line-height: 1.38; margin-top: 12pt; margin-bottom: 12pt;\"><span style=\"font-size: 11pt; font-family: Roboto,sans-serif; color: #000000; background-color: transparent; font-weight: 400; font-style: normal; font-variant: normal; text-decoration: none; vertical-align: baseline; white-space: pre-wrap;\">En exploitant la dynamique sociale de la r\u00e9gion, \u00e0 travers une planification participative, et les outils offerts par l&#039;\u00e9conomie sociale, comme le tourisme solidaire, nous visons \u00e0 promouvoir la culture locale, mais aussi \u00e0 promouvoir un mod\u00e8le de d\u00e9veloppement durable int\u00e9gr\u00e9, bas\u00e9 sur les visiteurs de la r\u00e9gion. r\u00e9gion et leur lien avec le lieu et ses habitants.<\/span><\/p>\t\t\t\t\t\t<\/div>\n\t\t\t\t<\/div>\n\t\t\t\t<\/div>\n\t\t\t\t\t<\/div>\n\t\t\t\t<\/div>\n\t\t\t\t<\/div>","protected":false},"excerpt":{"rendered":"<p>Routes Engage with Local Communities: Rediscover Cultural Routes through Participatory Development, Refostering the use of Abandoned Areas Powered by&nbsp;Wikiloc In an attempt to revive and highlight the old paths we mapped one of the main pastoral routes created by the Vlachs through the\u00a0 centuries, connecting the Aoos\/Vjosa valley through Grammos mountain grazelands, in order to [&hellip;]<\/p>","protected":false},"author":1,"featured_media":0,"parent":3616,"menu_order":0,"comment_status":"closed","ping_status":"closed","template":"","meta":{"_acf_changed":false,"inline_featured_image":false,"footnotes":""},"class_list":["post-3622","page","type-page","status-publish","hentry"],"acf":[],"_links":{"self":[{"href":"https:\/\/culturaltourism.gr\/fr\/wp-json\/wp\/v2\/pages\/3622","targetHints":{"allow":["GET"]}}],"collection":[{"href":"https:\/\/culturaltourism.gr\/fr\/wp-json\/wp\/v2\/pages"}],"about":[{"href":"https:\/\/culturaltourism.gr\/fr\/wp-json\/wp\/v2\/types\/page"}],"author":[{"embeddable":true,"href":"https:\/\/culturaltourism.gr\/fr\/wp-json\/wp\/v2\/users\/1"}],"replies":[{"embeddable":true,"href":"https:\/\/culturaltourism.gr\/fr\/wp-json\/wp\/v2\/comments?post=3622"}],"version-history":[{"count":64,"href":"https:\/\/culturaltourism.gr\/fr\/wp-json\/wp\/v2\/pages\/3622\/revisions"}],"predecessor-version":[{"id":4438,"href":"https:\/\/culturaltourism.gr\/fr\/wp-json\/wp\/v2\/pages\/3622\/revisions\/4438"}],"up":[{"embeddable":true,"href":"https:\/\/culturaltourism.gr\/fr\/wp-json\/wp\/v2\/pages\/3616"}],"wp:attachment":[{"href":"https:\/\/culturaltourism.gr\/fr\/wp-json\/wp\/v2\/media?parent=3622"}],"curies":[{"name":"wp","href":"https:\/\/api.w.org\/{rel}","templated":true}]}}